{"id":2777,"date":"2023-12-15T14:16:22","date_gmt":"2023-12-15T13:16:22","guid":{"rendered":"https:\/\/schlosshotel-leuk.ch\/?page_id=2777"},"modified":"2024-09-26T15:09:14","modified_gmt":"2024-09-26T13:09:14","slug":"a-propos-de-nous","status":"publish","type":"page","link":"https:\/\/schlosshotel-leuk.ch\/fr\/a-propos-de-nous\/","title":{"rendered":"A propos de nous"},"content":{"rendered":"<div id='av_section_1'  class='avia-section av-26phty-8f299b6bf5673aff4e520641ef357c29 header_color avia-section-large avia-no-border-styling  avia-builder-el-0  el_before_av_section  avia-builder-el-first  avia-bg-style-scroll container_wrap sidebar_right'  ><div class='container av-section-cont-open' ><main  role=\"main\" itemprop=\"mainContentOfPage\"  class='template-page content  av-content-small alpha units'><div class='post-entry post-entry-type-page post-entry-2777'><div class='entry-content-wrapper clearfix'>\n<div  class='flex_column av-24tt3q-ab0b4192bacd27d7524836dfbc65419a av_one_half  avia-builder-el-1  el_before_av_one_half  avia-builder-el-first  first av-break-at-tablet flex_column_div  '     ><p>\n<style type=\"text\/css\" data-created_by=\"avia_inline_auto\" id=\"style-css-av-1yqzse-50ad9ceb3cde911b9b8214bf30dd93a8\">\n#top .av-special-heading.av-1yqzse-50ad9ceb3cde911b9b8214bf30dd93a8{\npadding-bottom:10px;\n}\nbody .av-special-heading.av-1yqzse-50ad9ceb3cde911b9b8214bf30dd93a8 .av-special-heading-tag .heading-char{\nfont-size:25px;\n}\n.av-special-heading.av-1yqzse-50ad9ceb3cde911b9b8214bf30dd93a8 .av-subheading{\nfont-size:15px;\n}\n<\/style>\n<div  class='av-special-heading av-1yqzse-50ad9ceb3cde911b9b8214bf30dd93a8 av-special-heading-h1  avia-builder-el-2  el_before_av_textblock  avia-builder-el-first '><h1 class='av-special-heading-tag '  itemprop=\"headline\"  >A propos de nous<\/h1><div class=\"special-heading-border\"><div class=\"special-heading-inner-border\"><\/div><\/div><\/div><br \/>\n<section  class='av_textblock_section av-1rg41y-4ad4c60fdc51b8d26c3a442d504b9c79 '   itemscope=\"itemscope\" itemtype=\"https:\/\/schema.org\/CreativeWork\" ><div class='avia_textblock'  itemprop=\"text\" ><div data-pm-slice=\"1 1 &#091;&#093;\" data-en-clipboard=\"true\">La communaut\u00e9 de travail et d&rsquo;habitation du Schlosshotel Leuk cr\u00e9e un environnement dans lequel les personnes ayant besoin de soutien en raison d&rsquo;un handicap peuvent trouver des emplois dans l&rsquo;entreprise h\u00f4teli\u00e8re afin de d\u00e9velopper leurs talents. Les places d&rsquo;h\u00e9bergement propos\u00e9es aux personnes handicap\u00e9es permettent un haut degr\u00e9 d&rsquo;autod\u00e9termination. La promotion d&rsquo;une participation \u00e9gale et autod\u00e9termin\u00e9e \u00e0 la soci\u00e9t\u00e9 est au centre des pr\u00e9occupations.<\/div>\n<\/div><\/section><\/p><\/div><div  class='flex_column av-28i2jj-014342bf6db49e68b58964a71f8a1ef5 av_one_half  avia-builder-el-4  el_after_av_one_half  avia-builder-el-last  av-break-at-tablet flex_column_div  '     ><\/div>\n\n<\/div><\/div><\/main><!-- close content main element --><\/div><\/div><div id='av_section_2'  class='avia-section av-clfqe-cab72729739fb6801ffc9c7a29e0e71b main_color avia-section-large avia-no-border-styling  avia-builder-el-5  el_after_av_section  el_before_av_section  avia-bg-style-scroll container_wrap sidebar_right'  ><div class='container av-section-cont-open' ><div class='template-page content  av-content-small alpha units'><div class='post-entry post-entry-type-page post-entry-2777'><div class='entry-content-wrapper clearfix'>\n<div  class='flex_column av-3cnmsu-b2c5937cc7f03544e4d73a373580e739 av_one_half  avia-builder-el-6  el_before_av_one_half  avia-builder-el-first  first flex_column_div  '     ><section  class='av_textblock_section av-31zi3i-7ce5937af6c51bed91cf89e027cb531c '   itemscope=\"itemscope\" itemtype=\"https:\/\/schema.org\/CreativeWork\" ><div class='avia_textblock'  itemprop=\"text\" ><ul>\n<li data-pm-slice=\"1 1 &#091;&#093;\" data-en-clipboard=\"true\">La communaut\u00e9 de travail et d&rsquo;habitation du Schlosshotel Leuk propose aux personnes handicap\u00e9es qui ont besoin d&rsquo;un soutien et d&rsquo;un accompagnement des postes de travail dans l&rsquo;entreprise h\u00f4teli\u00e8re, o\u00f9 elles peuvent d\u00e9velopper leurs talents.<\/li>\n<li data-pm-slice=\"1 1 &#091;&#093;\" data-en-clipboard=\"true\">Elle propose des places de formation et d&rsquo;\u00e9valuation dans le domaine h\u00f4telier en collaboration avec l&rsquo;AI.<\/li>\n<li data-pm-slice=\"1 1 &#091;&#093;\" data-en-clipboard=\"true\">Elle offre aux personnes handicap\u00e9es des places d&rsquo;h\u00e9bergement qui permettent un haut degr\u00e9 d&rsquo;autod\u00e9termination.<\/li>\n<li data-pm-slice=\"1 1 &#091;&#093;\" data-en-clipboard=\"true\">Elle offre aux clients de l&rsquo;h\u00f4tel un s\u00e9jour agr\u00e9able et confortable dans des chambres simples et bien entretenues.<\/li>\n<\/ul>\n<\/div><\/section><\/div>\n<style type=\"text\/css\" data-created_by=\"avia_inline_auto\" id=\"style-css-av-1lm1jy-3d6c9f33075e68dac6a2d1587a86398e\">\n.flex_column.av-1lm1jy-3d6c9f33075e68dac6a2d1587a86398e{\npadding:0 0 0 0;\n}\n<\/style>\n<div  class='flex_column av-1lm1jy-3d6c9f33075e68dac6a2d1587a86398e av_one_half  avia-builder-el-8  el_after_av_one_half  avia-builder-el-last  flex_column_div av-zero-column-padding  '     ><style type=\"text\/css\" data-created_by=\"avia_inline_auto\" id=\"style-css-av-1hkmzi-d02845a6e397a7931435b081448a9bc3\">\n.avia-image-container.av-1hkmzi-d02845a6e397a7931435b081448a9bc3 img.avia_image{\nbox-shadow:none;\n}\n.avia-image-container.av-1hkmzi-d02845a6e397a7931435b081448a9bc3 .av-image-caption-overlay-center{\ncolor:#ffffff;\n}\n<\/style>\n<div  class='avia-image-container av-1hkmzi-d02845a6e397a7931435b081448a9bc3 av-styling- avia-align-center  avia-builder-el-9  avia-builder-el-no-sibling '   itemprop=\"image\" itemscope=\"itemscope\" itemtype=\"https:\/\/schema.org\/ImageObject\" ><div class=\"avia-image-container-inner\"><div class=\"avia-image-overlay-wrap\"><img decoding=\"async\" fetchpriority=\"high\" class='wp-image-2389 avia-img-lazy-loading-not-2389 avia_image ' src=\"https:\/\/schlosshotel-leuk.ch\/wp-content\/uploads\/schlosshotel-leuk-mitarbeiter.jpg\" alt='Les employ\u00e9s du Schlosshotel Leuk' title='Les employ\u00e9s du Schlosshotel Leuk'  height=\"400\" width=\"600\"  itemprop=\"thumbnailUrl\" srcset=\"https:\/\/schlosshotel-leuk.ch\/wp-content\/uploads\/schlosshotel-leuk-mitarbeiter.jpg 600w, https:\/\/schlosshotel-leuk.ch\/wp-content\/uploads\/schlosshotel-leuk-mitarbeiter-300x200.jpg 300w\" sizes=\"(max-width: 600px) 100vw, 600px\" \/><\/div><\/div><\/div><\/div>\n\n<\/div><\/div><\/div><!-- close content main div --><\/div><\/div><div id='av_section_3'  class='avia-section av-wvz46-f77477fda93ba9d9b7eeb297b1be473e socket_color avia-section-large avia-no-border-styling  avia-builder-el-10  el_after_av_section  el_before_av_section  avia-bg-style-scroll container_wrap sidebar_right'  ><div class='container av-section-cont-open' ><div class='template-page content  av-content-small alpha units'><div class='post-entry post-entry-type-page post-entry-2777'><div class='entry-content-wrapper clearfix'>\n<div class='av-column-wrapper-individual av-mobile-columns-flex av-columns-reverse'>\n<style type=\"text\/css\" data-created_by=\"avia_inline_auto\" id=\"style-css-av-suzza-04965b5dcc9a8ef109639e147a66f928\">\n.flex_column.av-suzza-04965b5dcc9a8ef109639e147a66f928{\npadding:0 0 0 0;\n}\n<\/style>\n<div  class='flex_column av-suzza-04965b5dcc9a8ef109639e147a66f928 av_one_half  avia-builder-el-11  el_before_av_one_half  avia-builder-el-first  first flex_column_div av-zero-column-padding  '     ><p>\n<style type=\"text\/css\" data-created_by=\"avia_inline_auto\" id=\"style-css-av-lq6lnkir-0bd56eb66bda3bdb7911fd90b775f175\">\n#top .av-special-heading.av-lq6lnkir-0bd56eb66bda3bdb7911fd90b775f175{\npadding-bottom:10px;\n}\nbody .av-special-heading.av-lq6lnkir-0bd56eb66bda3bdb7911fd90b775f175 .av-special-heading-tag .heading-char{\nfont-size:25px;\n}\n.av-special-heading.av-lq6lnkir-0bd56eb66bda3bdb7911fd90b775f175 .av-subheading{\nfont-size:15px;\n}\n<\/style>\n<div  class='av-special-heading av-lq6lnkir-0bd56eb66bda3bdb7911fd90b775f175 av-special-heading-h2  avia-builder-el-12  el_before_av_textblock  avia-builder-el-first '><h2 class='av-special-heading-tag '  itemprop=\"headline\"  >L\u2019association<\/h2><div class=\"special-heading-border\"><div class=\"special-heading-inner-border\"><\/div><\/div><\/div><br \/>\n<section  class='av_textblock_section av-lq6lntlc-9eb8ff477fb35848c4f792462fbf39cb '   itemscope=\"itemscope\" itemtype=\"https:\/\/schema.org\/CreativeWork\" ><div class='avia_textblock'  itemprop=\"text\" ><p>Bruno Hostettler, Vereinspr\u00e4sident<br \/>\nBetriebswirtschaftler HF \/ Tourismusfachmann, B\u00fcrchen<\/p>\n<div data-pm-slice=\"1 1 &#091;&#093;\" data-en-clipboard=\"true\"><b>Conseil d&rsquo;administration<\/b><\/div>\n<p>Anita Heinzmann<br \/>\nSozialp\u00e4dagogin, Visp<\/p>\n<p>Dr. Albert Julen<br \/>\nPsychologe FSP, Brig-Glis<\/p>\n<p>Carol Noti<br \/>\nSozialarbeiterin, Susten<\/p>\n<p>Samuel Mathieu<br \/>\nBauf\u00fchrer, Susten<\/p>\n<\/div><\/section><\/p><\/div><div  class='flex_column av-fjtza-ed904b27770b52bf68ea602a584d4468 av_one_half  avia-builder-el-14  el_after_av_one_half  avia-builder-el-last  flex_column_div  '     ><p>\n<style type=\"text\/css\" data-created_by=\"avia_inline_auto\" id=\"style-css-av-lq6nrzag-5cb866d97b08ca8bab76001848912419\">\n#top .av-special-heading.av-lq6nrzag-5cb866d97b08ca8bab76001848912419{\npadding-bottom:10px;\n}\nbody .av-special-heading.av-lq6nrzag-5cb866d97b08ca8bab76001848912419 .av-special-heading-tag .heading-char{\nfont-size:25px;\n}\n.av-special-heading.av-lq6nrzag-5cb866d97b08ca8bab76001848912419 .av-subheading{\nfont-size:15px;\n}\n<\/style>\n<div  class='av-special-heading av-lq6nrzag-5cb866d97b08ca8bab76001848912419 av-special-heading-h2  avia-builder-el-15  el_before_av_textblock  avia-builder-el-first '><h2 class='av-special-heading-tag '  itemprop=\"headline\"  >Bureau de l\u2019association<\/h2><div class=\"special-heading-border\"><div class=\"special-heading-inner-border\"><\/div><\/div><\/div><br \/>\n<section  class='av_textblock_section av-lq6ns5ly-13ff42cd0ea3d02289ee7ab2aa284858 '   itemscope=\"itemscope\" itemtype=\"https:\/\/schema.org\/CreativeWork\" ><div class='avia_textblock'  itemprop=\"text\" ><div data-pm-slice=\"1 1 &#091;&#093;\" data-en-clipboard=\"true\"><b>Directrice g\u00e9n\u00e9rale :<br \/>\n<\/b>Martina Schnyder<br \/>\n<a href=\"mailto:schnyder@schlosshotel-leuk.ch\">schnyder@schlosshotel-leuk.ch<\/a><\/div>\n<p><strong>Administration:<\/strong><br \/>\nDominik Welschen<br \/>\n<a href=\"mailto:welschen@schlosshotel-leuk.ch\">welschen@schlosshotel-leuk.ch<\/a><\/p>\n<\/div><\/section><\/p><\/div><\/div><!--close flex column wrapper. Autoclose: 1 -->\n\n<\/div><\/div><\/div><!-- close content main div --><\/div><\/div><div id='av_section_4'  class='avia-section av-2eeh5b-b2893350823a3f371b96ffbddbd5e5f4 main_color avia-section-large avia-no-border-styling  avia-builder-el-17  el_after_av_section  el_before_av_section  avia-bg-style-scroll container_wrap sidebar_right'  ><div class='container av-section-cont-open' ><div class='template-page content  av-content-small alpha units'><div class='post-entry post-entry-type-page post-entry-2777'><div class='entry-content-wrapper clearfix'>\n<div class='av-column-wrapper-individual av-mobile-columns-flex av-columns-reverse'>\n<style type=\"text\/css\" data-created_by=\"avia_inline_auto\" id=\"style-css-av-myecn3-2ed3a1e14c6d8b831cbbbd2e329d09ee\">\n.flex_column.av-myecn3-2ed3a1e14c6d8b831cbbbd2e329d09ee{\npadding:0 0 0 0;\n}\n<\/style>\n<div  class='flex_column av-myecn3-2ed3a1e14c6d8b831cbbbd2e329d09ee av_one_half  avia-builder-el-18  el_before_av_one_half  avia-builder-el-first  first flex_column_div av-zero-column-padding  '     ><p>\n<style type=\"text\/css\" data-created_by=\"avia_inline_auto\" id=\"style-css-av-lax5b3-5dd8e1d7bbcb32053b8dcfd2f339b12c\">\n#top .av-special-heading.av-lax5b3-5dd8e1d7bbcb32053b8dcfd2f339b12c{\npadding-bottom:10px;\n}\nbody .av-special-heading.av-lax5b3-5dd8e1d7bbcb32053b8dcfd2f339b12c .av-special-heading-tag .heading-char{\nfont-size:25px;\n}\n.av-special-heading.av-lax5b3-5dd8e1d7bbcb32053b8dcfd2f339b12c .av-subheading{\nfont-size:15px;\n}\n<\/style>\n<div  class='av-special-heading av-lax5b3-5dd8e1d7bbcb32053b8dcfd2f339b12c av-special-heading-h2  avia-builder-el-19  el_before_av_contact  avia-builder-el-first '><h2 class='av-special-heading-tag '  itemprop=\"headline\"  >Membre<\/h2><div class=\"special-heading-border\"><div class=\"special-heading-inner-border\"><\/div><\/div><\/div><br \/>\n<form action=\"https:\/\/schlosshotel-leuk.ch\/fr\/a-propos-de-nous\/\" method=\"post\" data-fields-with-error=\"Erreurs trouv\u00e9es dans les champs suivants :\" class=\"avia_ajax_form av-form-labels-visible   avia-builder-el-20  el_after_av_heading  avia-builder-el-last   \" data-avia-form-id=\"1\" data-avia-redirect='' ><fieldset><p class='  first_form  form_element form_element_half' id='element_avia_1_1'><label for=\"avia_1_1\">Nom <abbr class=\"required\" title=\"requis(e)\">*<\/abbr><\/label> <input name=\"avia_1_1\" class=\"text_input is_empty\" type=\"text\" id=\"avia_1_1\" value=\"\" \/><\/p><p class='  form_element form_element_half' id='element_avia_2_1'><label for=\"avia_2_1\">Pr\u00e9nom <abbr class=\"required\" title=\"requis(e)\">*<\/abbr><\/label> <input name=\"avia_2_1\" class=\"text_input is_empty\" type=\"text\" id=\"avia_2_1\" value=\"\" \/><\/p><p class='  first_form  form_element form_element_half' id='element_avia_3_1'><label for=\"avia_3_1\">e-mail <abbr class=\"required\" title=\"requis(e)\">*<\/abbr><\/label> <input name=\"avia_3_1\" class=\"text_input is_email\" type=\"text\" id=\"avia_3_1\" value=\"\" \/><\/p><p class='  form_element form_element_half' id='element_avia_4_1'><label for=\"avia_4_1\">Adresse <abbr class=\"required\" title=\"requis(e)\">*<\/abbr><\/label> <input name=\"avia_4_1\" class=\"text_input is_empty\" type=\"text\" id=\"avia_4_1\" value=\"\" \/><\/p><p class='  first_form  form_element form_element_half' id='element_avia_5_1'><label for=\"avia_5_1\">NPA <abbr class=\"required\" title=\"requis(e)\">*<\/abbr><\/label> <input name=\"avia_5_1\" class=\"text_input is_empty\" type=\"text\" id=\"avia_5_1\" value=\"\" \/><\/p><p class='  form_element form_element_half' id='element_avia_6_1'><label for=\"avia_6_1\">Ville <abbr class=\"required\" title=\"requis(e)\">*<\/abbr><\/label> <input name=\"avia_6_1\" class=\"text_input is_empty\" type=\"text\" id=\"avia_6_1\" value=\"\" \/><\/p><p class='  first_form  form_element form_fullwidth av-last-visible-form-element' id='element_avia_7_1'><input  name=\"avia_7_1\" class=\"input_checkbox \" type=\"checkbox\" id=\"avia_7_1\" value=\"true\"\/><label class=\"input_checkbox_label\" for=\"avia_7_1\">Par la pr\u00e9sente, je confirme mon adh\u00e9sion<\/label><\/p><p class=\"hidden\"><input type=\"text\" name=\"avia_8_1\" class=\"hidden \" id=\"avia_8_1\" value=\"\" \/><\/p><p class=\"form_element \"><input type=\"hidden\" value=\"1\" name=\"avia_generated_form1\" \/><input type=\"submit\" value=\"envoyer\" class=\"button\"  data-sending-label=\"Envoi\"\/><\/p><\/fieldset><\/form><div id=\"ajaxresponse_1\" class=\"ajaxresponse ajaxresponse_1 hidden\"><\/div><\/p><\/div>\n<style type=\"text\/css\" data-created_by=\"avia_inline_auto\" id=\"style-css-av-57jt3z-060cab01c7e8a0ae2c8f0f1d286667c2\">\n.flex_column.av-57jt3z-060cab01c7e8a0ae2c8f0f1d286667c2{\npadding:0 0 0 0;\n}\n<\/style>\n<div  class='flex_column av-57jt3z-060cab01c7e8a0ae2c8f0f1d286667c2 av_one_half  avia-builder-el-21  el_after_av_one_half  avia-builder-el-last  flex_column_div av-zero-column-padding  '     ><p>\n<style type=\"text\/css\" data-created_by=\"avia_inline_auto\" id=\"style-css-av-4mxcpr-5b92a4e4ef68ea57ecb364f586982418\">\n#top .av-special-heading.av-4mxcpr-5b92a4e4ef68ea57ecb364f586982418{\npadding-bottom:10px;\n}\nbody .av-special-heading.av-4mxcpr-5b92a4e4ef68ea57ecb364f586982418 .av-special-heading-tag .heading-char{\nfont-size:25px;\n}\n.av-special-heading.av-4mxcpr-5b92a4e4ef68ea57ecb364f586982418 .av-subheading{\nfont-size:15px;\n}\n<\/style>\n<div  class='av-special-heading av-4mxcpr-5b92a4e4ef68ea57ecb364f586982418 av-special-heading-h2  avia-builder-el-22  el_before_av_textblock  avia-builder-el-first '><h2 class='av-special-heading-tag '  itemprop=\"headline\"  >Faire un don<\/h2><div class=\"special-heading-border\"><div class=\"special-heading-inner-border\"><\/div><\/div><\/div><br \/>\n<section  class='av_textblock_section av-2fn233-897c6d10c7cb613806e8775ca7354fd7 '   itemscope=\"itemscope\" itemtype=\"https:\/\/schema.org\/CreativeWork\" ><div class='avia_textblock'  itemprop=\"text\" ><div data-pm-slice=\"1 1 &#091;&#093;\" data-en-clipboard=\"true\">Nous nous r\u00e9jouissons de chaque don et de chaque soutien.<\/div>\n<div><\/div>\n<div>IBAN CH76 0076 5001 0351 3610 6<br \/>\nArbeits- und Wohngemeinschaft Schlosshotel Leuk<br \/>\nLeukerstrasse 14<br \/>\n3953 Leuk-Stadt<\/div>\n<\/div><\/section><br \/>\n\n<style type=\"text\/css\" data-created_by=\"avia_inline_auto\" id=\"style-css-av-av_image-59ceb8c723e8753e8713ce2cd425818a\">\n.avia-image-container.av-av_image-59ceb8c723e8753e8713ce2cd425818a img.avia_image{\nbox-shadow:none;\n}\n.avia-image-container.av-av_image-59ceb8c723e8753e8713ce2cd425818a .av-image-caption-overlay-center{\ncolor:#ffffff;\n}\n<\/style>\n<div  class='avia-image-container av-av_image-59ceb8c723e8753e8713ce2cd425818a av-styling- avia-align-left  avia-builder-el-24  el_after_av_textblock  avia-builder-el-last '   itemprop=\"image\" itemscope=\"itemscope\" itemtype=\"https:\/\/schema.org\/ImageObject\" ><div class=\"avia-image-container-inner\"><div class=\"avia-image-overlay-wrap\"><img decoding=\"async\" fetchpriority=\"high\" class='wp-image-3064 avia-img-lazy-loading-not-3064 avia_image ' src=\"https:\/\/schlosshotel-leuk.ch\/wp-content\/uploads\/spenden-schlosshotel-in-leuk.png\" alt='' title='spenden-schlosshotel-in-leuk'  height=\"133\" width=\"134\"  itemprop=\"thumbnailUrl\" srcset=\"https:\/\/schlosshotel-leuk.ch\/wp-content\/uploads\/spenden-schlosshotel-in-leuk.png 134w, https:\/\/schlosshotel-leuk.ch\/wp-content\/uploads\/spenden-schlosshotel-in-leuk-80x80.png 80w, https:\/\/schlosshotel-leuk.ch\/wp-content\/uploads\/spenden-schlosshotel-in-leuk-36x36.png 36w\" sizes=\"(max-width: 134px) 100vw, 134px\" \/><\/div><\/div><\/div><\/p><\/div><\/div><!--close flex column wrapper. Autoclose: 1 --><\/div><\/div><\/div><!-- close content main div --><\/div><\/div><div id='av_section_5'  class='avia-section av-4c01rj-3d1864b933fb42268abd92a638c3dcfe socket_color avia-section-large avia-no-border-styling  avia-builder-el-25  el_after_av_section  el_before_av_section  avia-bg-style-scroll container_wrap sidebar_right'  ><div class='container av-section-cont-open' ><div class='template-page content  av-content-small alpha units'><div class='post-entry post-entry-type-page post-entry-2777'><div class='entry-content-wrapper clearfix'>\n<div class='av-column-wrapper-individual av-mobile-columns-flex av-columns-reverse'>\n<style type=\"text\/css\" data-created_by=\"avia_inline_auto\" id=\"style-css-av-2fs79r-7e12d391fc00369b65c0d798586f1ada\">\n.flex_column.av-2fs79r-7e12d391fc00369b65c0d798586f1ada{\npadding:0 0 0 0;\n}\n<\/style>\n<div  class='flex_column av-2fs79r-7e12d391fc00369b65c0d798586f1ada av_one_half  avia-builder-el-26  avia-builder-el-no-sibling  first flex_column_div av-zero-column-padding  '     ><p>\n<style type=\"text\/css\" data-created_by=\"avia_inline_auto\" id=\"style-css-av-lsmwuz1z-fc9b35aaf79f6f59b1c43c03554123f9\">\n#top .av-special-heading.av-lsmwuz1z-fc9b35aaf79f6f59b1c43c03554123f9{\npadding-bottom:10px;\n}\nbody .av-special-heading.av-lsmwuz1z-fc9b35aaf79f6f59b1c43c03554123f9 .av-special-heading-tag .heading-char{\nfont-size:25px;\n}\n.av-special-heading.av-lsmwuz1z-fc9b35aaf79f6f59b1c43c03554123f9 .av-subheading{\nfont-size:15px;\n}\n<\/style>\n<div  class='av-special-heading av-lsmwuz1z-fc9b35aaf79f6f59b1c43c03554123f9 av-special-heading-h2  avia-builder-el-27  el_before_av_textblock  avia-builder-el-first '><h2 class='av-special-heading-tag '  itemprop=\"headline\"  >Places de travail et de logement<\/h2><div class=\"special-heading-border\"><div class=\"special-heading-inner-border\"><\/div><\/div><\/div><br \/>\n<section  class='av_textblock_section av-lsmx81qr-eab98081381c03ed5a04e5acb22c837c '   itemscope=\"itemscope\" itemtype=\"https:\/\/schema.org\/CreativeWork\" ><div class='avia_textblock'  itemprop=\"text\" ><div data-pm-slice=\"1 1 &#091;&#093;\" data-en-clipboard=\"true\">Vous trouverez de plus amples informations sur les places de travail et de logement disponibles sur la page : <a href=\"https:\/\/meinplatz.ch\/de\" target=\"_blank\" rel=\"noopener\">www.meinplatz.ch<\/a><\/div>\n<\/div><\/section><\/p><\/div><\/div><!--close flex column wrapper. Autoclose: 1 -->\n<\/p>\n<\/div><\/div><\/div><!-- close content main div --><\/div><\/div><div id='av_section_6'  class='avia-section av-3ugtzz-f47e6746d753efc879307296ce79744c socket_color avia-section-large avia-no-border-styling  avia-builder-el-29  el_after_av_section  avia-builder-el-last  avia-bg-style-scroll container_wrap sidebar_right'  ><div class='container av-section-cont-open' ><div class='template-page content  av-content-small alpha units'><div class='post-entry post-entry-type-page post-entry-2777'><div class='entry-content-wrapper clearfix'>\n<div class='av-column-wrapper-individual av-mobile-columns-flex av-columns-reverse'>\n<style type=\"text\/css\" data-created_by=\"avia_inline_auto\" id=\"style-css-av-2s85tb-e7ce717c5da6664ce75001fca35cbcd7\">\n.flex_column.av-2s85tb-e7ce717c5da6664ce75001fca35cbcd7{\npadding:0 0 0 0;\n}\n<\/style>\n<div  class='flex_column av-2s85tb-e7ce717c5da6664ce75001fca35cbcd7 av_one_half  avia-builder-el-30  el_before_av_video  avia-builder-el-first  first flex_column_div av-zero-column-padding  '     ><style type=\"text\/css\" data-created_by=\"avia_inline_auto\" id=\"style-css-av-lsmx8iun-56bc58b239466d4a2d9884f74fefe378\">\n#top .av-special-heading.av-lsmx8iun-56bc58b239466d4a2d9884f74fefe378{\npadding-bottom:10px;\n}\nbody .av-special-heading.av-lsmx8iun-56bc58b239466d4a2d9884f74fefe378 .av-special-heading-tag .heading-char{\nfont-size:25px;\n}\n.av-special-heading.av-lsmx8iun-56bc58b239466d4a2d9884f74fefe378 .av-subheading{\nfont-size:15px;\n}\n<\/style>\n<div  class='av-special-heading av-lsmx8iun-56bc58b239466d4a2d9884f74fefe378 av-special-heading-h2  avia-builder-el-31  avia-builder-el-no-sibling '><h2 class='av-special-heading-tag '  itemprop=\"headline\"  >Vivre et travailler au Schlosshotel Leuk<\/h2><div class=\"special-heading-border\"><div class=\"special-heading-inner-border\"><\/div><\/div><\/div><\/div><\/div><!--close flex column wrapper. Autoclose: 1 --><div  class='avia-video av-lsmwskx3-404f547b67c625899c879d454559c344 avia-video-16-9 av-no-preview-image avia-video-load-always av-lazyload-immediate av-lazyload-video-embed'  itemprop=\"video\" itemtype=\"https:\/\/schema.org\/VideoObject\"  data-original_url='https:\/\/www.youtube.com\/watch?v=Ghz4bVlwYl0'><script type='text\/html' class='av-video-tmpl'><div class='avia-iframe-wrap'><iframe loading=\"lazy\" title=\"Schlosshotel Leuk\" width=\"1500\" height=\"844\" src=\"https:\/\/www.youtube.com\/embed\/Ghz4bVlwYl0?feature=oembed&autoplay=0&loop=0&controls=1&mute=0\" frameborder=\"0\" allow=\"accelerometer; autoplay; clipboard-write; encrypted-media; gyroscope; picture-in-picture; web-share\" referrerpolicy=\"strict-origin-when-cross-origin\" allowfullscreen><\/iframe><\/div><\/script><div class='av-click-to-play-overlay'><div class=\"avia_playpause_icon\"><\/div><\/div><\/div>\n<\/div><\/div><\/div><!-- close content main div --><\/div><\/div><div id='after_section_6'  class='main_color av_default_container_wrap container_wrap sidebar_right'  ><div class='container av-section-cont-open' ><div class='template-page content  av-content-small alpha units'><div class='post-entry post-entry-type-page post-entry-2777'><div class='entry-content-wrapper clearfix'>\n","protected":false},"excerpt":{"rendered":"","protected":false},"author":4,"featured_media":0,"parent":0,"menu_order":1,"comment_status":"closed","ping_status":"closed","template":"","meta":{"footnotes":"","_links_to":"","_links_to_target":""},"class_list":["post-2777","page","type-page","status-publish","hentry"],"yoast_head":"<!-- This site is optimized with the Yoast SEO plugin v27.5 - https:\/\/yoast.com\/product\/yoast-seo-wordpress\/ -->\n<title>A propos de nous - Schlosshotel Leuk<\/title>\n<meta name=\"description\" content=\"La communaut\u00e9 de travail et d&#039;habitation du Schlosshotel Leuk cr\u00e9e des emplois pour les personnes ayant besoin d&#039;un soutien en raison d&#039;un handicap.\" \/>\n<meta name=\"robots\" content=\"index, follow, max-snippet:-1, max-image-preview:large, max-video-preview:-1\" \/>\n<link rel=\"canonical\" href=\"https:\/\/schlosshotel-leuk.ch\/fr\/a-propos-de-nous\/\" \/>\n<meta property=\"og:locale\" content=\"fr_FR\" \/>\n<meta property=\"og:type\" content=\"article\" \/>\n<meta property=\"og:title\" content=\"A propos de nous - Schlosshotel Leuk\" \/>\n<meta property=\"og:description\" content=\"La communaut\u00e9 de travail et d&#039;habitation du Schlosshotel Leuk cr\u00e9e des emplois pour les personnes ayant besoin d&#039;un soutien en raison d&#039;un handicap.\" \/>\n<meta property=\"og:url\" content=\"https:\/\/schlosshotel-leuk.ch\/fr\/a-propos-de-nous\/\" \/>\n<meta property=\"og:site_name\" content=\"Schlosshotel Leuk\" \/>\n<meta property=\"article:modified_time\" content=\"2024-09-26T13:09:14+00:00\" \/>\n<meta name=\"twitter:card\" content=\"summary_large_image\" \/>\n<meta name=\"twitter:label1\" content=\"Dur\u00e9e de lecture estim\u00e9e\" \/>\n\t<meta name=\"twitter:data1\" content=\"2 minutes\" \/>\n<script type=\"application\/ld+json\" class=\"yoast-schema-graph\">{\"@context\":\"https:\\\/\\\/schema.org\",\"@graph\":[{\"@type\":\"WebPage\",\"@id\":\"https:\\\/\\\/schlosshotel-leuk.ch\\\/fr\\\/a-propos-de-nous\\\/\",\"url\":\"https:\\\/\\\/schlosshotel-leuk.ch\\\/fr\\\/a-propos-de-nous\\\/\",\"name\":\"A propos de nous - Schlosshotel Leuk\",\"isPartOf\":{\"@id\":\"https:\\\/\\\/schlosshotel-leuk.ch\\\/fr\\\/#website\"},\"datePublished\":\"2023-12-15T13:16:22+00:00\",\"dateModified\":\"2024-09-26T13:09:14+00:00\",\"description\":\"La communaut\u00e9 de travail et d'habitation du Schlosshotel Leuk cr\u00e9e des emplois pour les personnes ayant besoin d'un soutien en raison d'un handicap.\",\"breadcrumb\":{\"@id\":\"https:\\\/\\\/schlosshotel-leuk.ch\\\/fr\\\/a-propos-de-nous\\\/#breadcrumb\"},\"inLanguage\":\"fr-FR\",\"potentialAction\":[{\"@type\":\"ReadAction\",\"target\":[\"https:\\\/\\\/schlosshotel-leuk.ch\\\/fr\\\/a-propos-de-nous\\\/\"]}]},{\"@type\":\"BreadcrumbList\",\"@id\":\"https:\\\/\\\/schlosshotel-leuk.ch\\\/fr\\\/a-propos-de-nous\\\/#breadcrumb\",\"itemListElement\":[{\"@type\":\"ListItem\",\"position\":1,\"name\":\"Startseite\",\"item\":\"https:\\\/\\\/schlosshotel-leuk.ch\\\/fr\\\/schlosshotel-leuk\\\/\"},{\"@type\":\"ListItem\",\"position\":2,\"name\":\"A propos de nous\"}]},{\"@type\":\"WebSite\",\"@id\":\"https:\\\/\\\/schlosshotel-leuk.ch\\\/fr\\\/#website\",\"url\":\"https:\\\/\\\/schlosshotel-leuk.ch\\\/fr\\\/\",\"name\":\"Schlosshotel Leuk\",\"description\":\"Einmalig freundlich und famili\u00e4r\",\"publisher\":{\"@id\":\"https:\\\/\\\/schlosshotel-leuk.ch\\\/fr\\\/#organization\"},\"potentialAction\":[{\"@type\":\"SearchAction\",\"target\":{\"@type\":\"EntryPoint\",\"urlTemplate\":\"https:\\\/\\\/schlosshotel-leuk.ch\\\/fr\\\/?s={search_term_string}\"},\"query-input\":{\"@type\":\"PropertyValueSpecification\",\"valueRequired\":true,\"valueName\":\"search_term_string\"}}],\"inLanguage\":\"fr-FR\"},{\"@type\":\"Organization\",\"@id\":\"https:\\\/\\\/schlosshotel-leuk.ch\\\/fr\\\/#organization\",\"name\":\"Schlosshotel Leuk\",\"url\":\"https:\\\/\\\/schlosshotel-leuk.ch\\\/fr\\\/\",\"logo\":{\"@type\":\"ImageObject\",\"inLanguage\":\"fr-FR\",\"@id\":\"https:\\\/\\\/schlosshotel-leuk.ch\\\/fr\\\/#\\\/schema\\\/logo\\\/image\\\/\",\"url\":\"https:\\\/\\\/schlosshotel-leuk.ch\\\/wp-content\\\/uploads\\\/schlosshotel-leuk.svg\",\"contentUrl\":\"https:\\\/\\\/schlosshotel-leuk.ch\\\/wp-content\\\/uploads\\\/schlosshotel-leuk.svg\",\"width\":210,\"height\":52,\"caption\":\"Schlosshotel Leuk\"},\"image\":{\"@id\":\"https:\\\/\\\/schlosshotel-leuk.ch\\\/fr\\\/#\\\/schema\\\/logo\\\/image\\\/\"}}]}<\/script>\n<!-- \/ Yoast SEO plugin. -->","yoast_head_json":{"title":"A propos de nous - Schlosshotel Leuk","description":"La communaut\u00e9 de travail et d'habitation du Schlosshotel Leuk cr\u00e9e des emplois pour les personnes ayant besoin d'un soutien en raison d'un handicap.","robots":{"index":"index","follow":"follow","max-snippet":"max-snippet:-1","max-image-preview":"max-image-preview:large","max-video-preview":"max-video-preview:-1"},"canonical":"https:\/\/schlosshotel-leuk.ch\/fr\/a-propos-de-nous\/","og_locale":"fr_FR","og_type":"article","og_title":"A propos de nous - Schlosshotel Leuk","og_description":"La communaut\u00e9 de travail et d'habitation du Schlosshotel Leuk cr\u00e9e des emplois pour les personnes ayant besoin d'un soutien en raison d'un handicap.","og_url":"https:\/\/schlosshotel-leuk.ch\/fr\/a-propos-de-nous\/","og_site_name":"Schlosshotel Leuk","article_modified_time":"2024-09-26T13:09:14+00:00","twitter_card":"summary_large_image","twitter_misc":{"Dur\u00e9e de lecture estim\u00e9e":"2 minutes"},"schema":{"@context":"https:\/\/schema.org","@graph":[{"@type":"WebPage","@id":"https:\/\/schlosshotel-leuk.ch\/fr\/a-propos-de-nous\/","url":"https:\/\/schlosshotel-leuk.ch\/fr\/a-propos-de-nous\/","name":"A propos de nous - Schlosshotel Leuk","isPartOf":{"@id":"https:\/\/schlosshotel-leuk.ch\/fr\/#website"},"datePublished":"2023-12-15T13:16:22+00:00","dateModified":"2024-09-26T13:09:14+00:00","description":"La communaut\u00e9 de travail et d'habitation du Schlosshotel Leuk cr\u00e9e des emplois pour les personnes ayant besoin d'un soutien en raison d'un handicap.","breadcrumb":{"@id":"https:\/\/schlosshotel-leuk.ch\/fr\/a-propos-de-nous\/#breadcrumb"},"inLanguage":"fr-FR","potentialAction":[{"@type":"ReadAction","target":["https:\/\/schlosshotel-leuk.ch\/fr\/a-propos-de-nous\/"]}]},{"@type":"BreadcrumbList","@id":"https:\/\/schlosshotel-leuk.ch\/fr\/a-propos-de-nous\/#breadcrumb","itemListElement":[{"@type":"ListItem","position":1,"name":"Startseite","item":"https:\/\/schlosshotel-leuk.ch\/fr\/schlosshotel-leuk\/"},{"@type":"ListItem","position":2,"name":"A propos de nous"}]},{"@type":"WebSite","@id":"https:\/\/schlosshotel-leuk.ch\/fr\/#website","url":"https:\/\/schlosshotel-leuk.ch\/fr\/","name":"Schlosshotel Leuk","description":"Einmalig freundlich und famili\u00e4r","publisher":{"@id":"https:\/\/schlosshotel-leuk.ch\/fr\/#organization"},"potentialAction":[{"@type":"SearchAction","target":{"@type":"EntryPoint","urlTemplate":"https:\/\/schlosshotel-leuk.ch\/fr\/?s={search_term_string}"},"query-input":{"@type":"PropertyValueSpecification","valueRequired":true,"valueName":"search_term_string"}}],"inLanguage":"fr-FR"},{"@type":"Organization","@id":"https:\/\/schlosshotel-leuk.ch\/fr\/#organization","name":"Schlosshotel Leuk","url":"https:\/\/schlosshotel-leuk.ch\/fr\/","logo":{"@type":"ImageObject","inLanguage":"fr-FR","@id":"https:\/\/schlosshotel-leuk.ch\/fr\/#\/schema\/logo\/image\/","url":"https:\/\/schlosshotel-leuk.ch\/wp-content\/uploads\/schlosshotel-leuk.svg","contentUrl":"https:\/\/schlosshotel-leuk.ch\/wp-content\/uploads\/schlosshotel-leuk.svg","width":210,"height":52,"caption":"Schlosshotel Leuk"},"image":{"@id":"https:\/\/schlosshotel-leuk.ch\/fr\/#\/schema\/logo\/image\/"}}]}},"publishpress_future_action":{"enabled":false,"date":"2026-05-06 20:00:28","action":"change-status","newStatus":"draft","terms":[],"taxonomy":"translation_priority","extraData":[]},"publishpress_future_workflow_manual_trigger":{"enabledWorkflows":[]},"_links":{"self":[{"href":"https:\/\/schlosshotel-leuk.ch\/fr\/wp-json\/wp\/v2\/pages\/2777","targetHints":{"allow":["GET"]}}],"collection":[{"href":"https:\/\/schlosshotel-leuk.ch\/fr\/wp-json\/wp\/v2\/pages"}],"about":[{"href":"https:\/\/schlosshotel-leuk.ch\/fr\/wp-json\/wp\/v2\/types\/page"}],"author":[{"embeddable":true,"href":"https:\/\/schlosshotel-leuk.ch\/fr\/wp-json\/wp\/v2\/users\/4"}],"replies":[{"embeddable":true,"href":"https:\/\/schlosshotel-leuk.ch\/fr\/wp-json\/wp\/v2\/comments?post=2777"}],"version-history":[{"count":6,"href":"https:\/\/schlosshotel-leuk.ch\/fr\/wp-json\/wp\/v2\/pages\/2777\/revisions"}],"predecessor-version":[{"id":3140,"href":"https:\/\/schlosshotel-leuk.ch\/fr\/wp-json\/wp\/v2\/pages\/2777\/revisions\/3140"}],"wp:attachment":[{"href":"https:\/\/schlosshotel-leuk.ch\/fr\/wp-json\/wp\/v2\/media?parent=2777"}],"curies":[{"name":"wp","href":"https:\/\/api.w.org\/{rel}","templated":true}]}}