{"id":2911,"date":"2023-06-20T11:26:45","date_gmt":"2023-06-20T09:26:45","guid":{"rendered":"https:\/\/schlosshotel-leuk.ch\/?page_id=2911"},"modified":"2024-07-02T09:33:07","modified_gmt":"2024-07-02T07:33:07","slug":"contactez-nous","status":"publish","type":"page","link":"https:\/\/schlosshotel-leuk.ch\/fr\/contactez-nous\/","title":{"rendered":"Contactez-nous"},"content":{"rendered":"<div id='av_section_1'  class='avia-section av-lxyw4bs5-eea3982eb2e5b447511d8dc416265d9b socket_color avia-section-default avia-no-border-styling  avia-builder-el-0  el_before_av_section  avia-builder-el-first  avia-bg-style-scroll container_wrap sidebar_right'  ><div class='container av-section-cont-open' ><main  role=\"main\" itemprop=\"mainContentOfPage\"  class='template-page content  av-content-small alpha units'><div class='post-entry post-entry-type-page post-entry-2911'><div class='entry-content-wrapper clearfix'>\n<div  class='flex_column av-av_one_half-41ee899840124b6993b57a87f996c353 av_one_half  avia-builder-el-1  el_before_av_one_half  avia-builder-el-first  first flex_column_div  '     ><p>\n<style type=\"text\/css\" data-created_by=\"avia_inline_auto\" id=\"style-css-av-lxyvyta2-c9f648d8709458ef98b5859e07fac034\">\n#top .av-special-heading.av-lxyvyta2-c9f648d8709458ef98b5859e07fac034{\npadding-bottom:10px;\n}\nbody .av-special-heading.av-lxyvyta2-c9f648d8709458ef98b5859e07fac034 .av-special-heading-tag .heading-char{\nfont-size:25px;\n}\n.av-special-heading.av-lxyvyta2-c9f648d8709458ef98b5859e07fac034 .av-subheading{\nfont-size:15px;\n}\n<\/style>\n<div  class='av-special-heading av-lxyvyta2-c9f648d8709458ef98b5859e07fac034 av-special-heading-h1 blockquote modern-quote  avia-builder-el-2  el_before_av_textblock  avia-builder-el-first '><h1 class='av-special-heading-tag '  itemprop=\"headline\"  >Contactez-nous<\/h1><div class=\"special-heading-border\"><div class=\"special-heading-inner-border\"><\/div><\/div><\/div><br \/>\n<section  class='av_textblock_section av-lxyvzs35-049681c2bafe0cb4ce4d73d13e627ff8 '   itemscope=\"itemscope\" itemtype=\"https:\/\/schema.org\/CreativeWork\" ><div class='avia_textblock'  itemprop=\"text\" ><p>Nous sommes impatients de vous entendre ! Pour les r\u00e9servations, les questions ou les demandes sp\u00e9ciales, nous sommes toujours \u00e0 votre disposition. Contactez-nous par les moyens suivants :<\/p>\n<p><strong>Adresse<\/strong><br \/>\nSchlosshotel Leuk<br \/>\nLeukerstrasse 14<br \/>\nCH-3953 Leuk<\/p>\n<p><strong>T\u00e9l\u00e9phone<\/strong><br \/>\n+41 27 473 12 13<\/p>\n<p><strong>E-mail<\/strong><br \/>\n<a href=\"mailto:info@schlosshotel-leuk.ch\">info@schlosshotel-leuk.ch<\/a><\/p>\n<p>Nous nous r\u00e9jouissons de votre visite !<\/p>\n<\/div><\/section><\/p><\/div><div  class='flex_column av-av_one_half-58a6369d5c19d308284fa729d91312fa av_one_half  avia-builder-el-4  el_after_av_one_half  avia-builder-el-last  flex_column_div  '     ><\/div>\n\n<\/div><\/div><\/main><!-- close content main element --><\/div><\/div><div id='check-in'  class='avia-section av-2hfoh-355d6418c7acef24ba68b92f2ecf277e main_color avia-section-large avia-no-border-styling  avia-builder-el-5  el_after_av_section  el_before_av_section  avia-bg-style-scroll container_wrap sidebar_right'  ><div class='container av-section-cont-open' ><div class='template-page content  av-content-small alpha units'><div class='post-entry post-entry-type-page post-entry-2911'><div class='entry-content-wrapper clearfix'>\n<div  class='flex_column av-ldmk9-19f876dc838e85633726b38aaf3fee18 av_one_half  avia-builder-el-6  el_before_av_one_half  avia-builder-el-first  first av-break-at-tablet flex_column_div  '     ><p>\n<style type=\"text\/css\" data-created_by=\"avia_inline_auto\" id=\"style-css-av-1crtnd-8a97d040dec21d261762235c4407c24e\">\n#top .av-special-heading.av-1crtnd-8a97d040dec21d261762235c4407c24e{\npadding-bottom:10px;\n}\nbody .av-special-heading.av-1crtnd-8a97d040dec21d261762235c4407c24e .av-special-heading-tag .heading-char{\nfont-size:25px;\n}\n.av-special-heading.av-1crtnd-8a97d040dec21d261762235c4407c24e .av-subheading{\nfont-size:15px;\n}\n<\/style>\n<div  class='av-special-heading av-1crtnd-8a97d040dec21d261762235c4407c24e av-special-heading-h2  avia-builder-el-7  el_before_av_textblock  avia-builder-el-first '><h2 class='av-special-heading-tag '  itemprop=\"headline\"  >Check-in \/ Check-out<\/h2><div class=\"special-heading-border\"><div class=\"special-heading-inner-border\"><\/div><\/div><\/div><br \/>\n<section  class='av_textblock_section av-lq6q1s2h-8ca2ba753cb44ad2ecde91a69dac9d52 '   itemscope=\"itemscope\" itemtype=\"https:\/\/schema.org\/CreativeWork\" ><div class='avia_textblock'  itemprop=\"text\" ><p>Check-in: 16 h<br \/>\nCheck-out: 11 h<\/p>\n<p>Le jour de votre arriv\u00e9e, les chambres sont \u00e0 votre disposition \u00e0 partir de 16 h. La r\u00e9ception est occup\u00e9e jusqu&rsquo;\u00e0 22 h.<\/p>\n<p>Le jour du d\u00e9part, nous vous prions de lib\u00e9rer les chambres au plus tard \u00e0 11 h. Il est possible de d\u00e9poser les bagages \u00e0 l&rsquo;h\u00f4tel.<\/p>\n<\/div><\/section><\/p><\/div>\n<style type=\"text\/css\" data-created_by=\"avia_inline_auto\" id=\"style-css-av-e3dz5-75bdd9e6c7871bda24c89dd7d03b2179\">\n.flex_column.av-e3dz5-75bdd9e6c7871bda24c89dd7d03b2179{\npadding:0 0 0 0;\n}\n<\/style>\n<div  class='flex_column av-e3dz5-75bdd9e6c7871bda24c89dd7d03b2179 av_one_half  avia-builder-el-9  el_after_av_one_half  avia-builder-el-last  av-break-at-tablet flex_column_div av-zero-column-padding  '     ><style type=\"text\/css\" data-created_by=\"avia_inline_auto\" id=\"style-css-av-8l3ux-36b2322cf4939491d73661e5eb55b110\">\n.avia-image-container.av-8l3ux-36b2322cf4939491d73661e5eb55b110 img.avia_image{\nbox-shadow:none;\n}\n.avia-image-container.av-8l3ux-36b2322cf4939491d73661e5eb55b110 .av-image-caption-overlay-center{\ncolor:#ffffff;\n}\n<\/style>\n<div  class='avia-image-container av-8l3ux-36b2322cf4939491d73661e5eb55b110 av-styling- avia-align-center  avia-builder-el-10  avia-builder-el-no-sibling '   itemprop=\"image\" itemscope=\"itemscope\" itemtype=\"https:\/\/schema.org\/ImageObject\" ><div class=\"avia-image-container-inner\"><div class=\"avia-image-overlay-wrap\"><img decoding=\"async\" fetchpriority=\"high\" class='wp-image-1989 avia-img-lazy-loading-not-1989 avia_image ' src=\"https:\/\/schlosshotel-leuk.ch\/wp-content\/uploads\/schlosshotel-leuk-ansicht-01-1.jpg\" alt='Lo\u00e8che-Ville et Schlosshotel Leuk - vue du sud-est' title='Lo\u00e8che-Ville et Schlosshotel Leuk - vue du sud-est'  height=\"1200\" width=\"2000\"  itemprop=\"thumbnailUrl\" srcset=\"https:\/\/schlosshotel-leuk.ch\/wp-content\/uploads\/schlosshotel-leuk-ansicht-01-1.jpg 2000w, https:\/\/schlosshotel-leuk.ch\/wp-content\/uploads\/schlosshotel-leuk-ansicht-01-1-300x180.jpg 300w, https:\/\/schlosshotel-leuk.ch\/wp-content\/uploads\/schlosshotel-leuk-ansicht-01-1-1228x737.jpg 1228w, https:\/\/schlosshotel-leuk.ch\/wp-content\/uploads\/schlosshotel-leuk-ansicht-01-1-768x461.jpg 768w, https:\/\/schlosshotel-leuk.ch\/wp-content\/uploads\/schlosshotel-leuk-ansicht-01-1-1536x922.jpg 1536w, https:\/\/schlosshotel-leuk.ch\/wp-content\/uploads\/schlosshotel-leuk-ansicht-01-1-1500x900.jpg 1500w, https:\/\/schlosshotel-leuk.ch\/wp-content\/uploads\/schlosshotel-leuk-ansicht-01-1-705x423.jpg 705w\" sizes=\"(max-width: 2000px) 100vw, 2000px\" \/><\/div><\/div><\/div><\/div>\n\n<\/div><\/div><\/div><!-- close content main div --><\/div><\/div><div id='av_section_3'  class='avia-section av-lq6razx8-3dac1bd9fad3e66509bb5129141f4496 alternate_color avia-section-large avia-no-border-styling  avia-builder-el-11  el_after_av_section  avia-builder-el-last  avia-bg-style-scroll container_wrap sidebar_right'  ><div class='container av-section-cont-open' ><div class='template-page content  av-content-small alpha units'><div class='post-entry post-entry-type-page post-entry-2911'><div class='entry-content-wrapper clearfix'>\n<div  class='flex_column av-ji4s1-c29cd48cdd6db101f46e3d39e53fd561 av_one_half  avia-builder-el-12  avia-builder-el-no-sibling  first av-break-at-tablet flex_column_div  '     ><p>\n<style type=\"text\/css\" data-created_by=\"avia_inline_auto\" id=\"style-css-av-g4y4h-8efb65362e60bd73623c13656f32b565\">\n#top .av-special-heading.av-g4y4h-8efb65362e60bd73623c13656f32b565{\npadding-bottom:10px;\n}\nbody .av-special-heading.av-g4y4h-8efb65362e60bd73623c13656f32b565 .av-special-heading-tag .heading-char{\nfont-size:25px;\n}\n.av-special-heading.av-g4y4h-8efb65362e60bd73623c13656f32b565 .av-subheading{\nfont-size:15px;\n}\n<\/style>\n<div  class='av-special-heading av-g4y4h-8efb65362e60bd73623c13656f32b565 av-special-heading-h2  avia-builder-el-13  el_before_av_textblock  avia-builder-el-first '><h2 class='av-special-heading-tag '  itemprop=\"headline\"  >Arriv\u00e9e<\/h2><div class=\"special-heading-border\"><div class=\"special-heading-inner-border\"><\/div><\/div><\/div><br \/>\n<section  class='av_textblock_section av-12beh-69e4df10b1f50c6fa422d6071d060f44 '   itemscope=\"itemscope\" itemtype=\"https:\/\/schema.org\/CreativeWork\" ><div class='avia_textblock'  itemprop=\"text\" ><p><strong>En voiture :<\/strong> des places de parking gratuites se trouvent \u00e0 proximit\u00e9 de l&rsquo;h\u00f4tel. Nous vous d\u00e9livrerons volontiers une carte de parking valable \u00e0 la r\u00e9ception de l&rsquo;h\u00f4tel.<\/p>\n<p><strong>En train :<\/strong> Si vous arrivez en train, nous venons bien entendu vous chercher gratuitement \u00e0 la gare avec notre bus de l&rsquo;h\u00f4tel.<\/p>\n<\/div><\/section><\/p><\/div>\n<\/div><\/div><\/div><!-- close content main div --><\/div><\/div><div id='after_section_3'  class='main_color av_default_container_wrap container_wrap sidebar_right'  ><div class='container av-section-cont-open' ><div class='template-page content  av-content-small alpha units'><div class='post-entry post-entry-type-page post-entry-2911'><div class='entry-content-wrapper clearfix'>\n","protected":false},"excerpt":{"rendered":"","protected":false},"author":2,"featured_media":0,"parent":0,"menu_order":7,"comment_status":"closed","ping_status":"closed","template":"","meta":{"footnotes":"","_links_to":"","_links_to_target":""},"class_list":["post-2911","page","type-page","status-publish","hentry"],"yoast_head":"<!-- This site is optimized with the Yoast SEO plugin v27.5 - https:\/\/yoast.com\/product\/yoast-seo-wordpress\/ -->\n<title>Contactez-nous - Schlosshotel Leuk<\/title>\n<meta name=\"robots\" content=\"index, follow, max-snippet:-1, max-image-preview:large, max-video-preview:-1\" \/>\n<link rel=\"canonical\" href=\"https:\/\/schlosshotel-leuk.ch\/fr\/contactez-nous\/\" \/>\n<meta property=\"og:locale\" content=\"fr_FR\" \/>\n<meta property=\"og:type\" content=\"article\" \/>\n<meta property=\"og:title\" content=\"Contactez-nous - Schlosshotel Leuk\" \/>\n<meta property=\"og:url\" content=\"https:\/\/schlosshotel-leuk.ch\/fr\/contactez-nous\/\" \/>\n<meta property=\"og:site_name\" content=\"Schlosshotel Leuk\" \/>\n<meta property=\"article:modified_time\" content=\"2024-07-02T07:33:07+00:00\" \/>\n<meta name=\"twitter:card\" content=\"summary_large_image\" \/>\n<meta name=\"twitter:label1\" content=\"Dur\u00e9e de lecture estim\u00e9e\" \/>\n\t<meta name=\"twitter:data1\" content=\"2 minutes\" \/>\n<script type=\"application\/ld+json\" class=\"yoast-schema-graph\">{\"@context\":\"https:\\\/\\\/schema.org\",\"@graph\":[{\"@type\":\"WebPage\",\"@id\":\"https:\\\/\\\/schlosshotel-leuk.ch\\\/fr\\\/contactez-nous\\\/\",\"url\":\"https:\\\/\\\/schlosshotel-leuk.ch\\\/fr\\\/contactez-nous\\\/\",\"name\":\"Contactez-nous - Schlosshotel Leuk\",\"isPartOf\":{\"@id\":\"https:\\\/\\\/schlosshotel-leuk.ch\\\/fr\\\/#website\"},\"datePublished\":\"2023-06-20T09:26:45+00:00\",\"dateModified\":\"2024-07-02T07:33:07+00:00\",\"breadcrumb\":{\"@id\":\"https:\\\/\\\/schlosshotel-leuk.ch\\\/fr\\\/contactez-nous\\\/#breadcrumb\"},\"inLanguage\":\"fr-FR\",\"potentialAction\":[{\"@type\":\"ReadAction\",\"target\":[\"https:\\\/\\\/schlosshotel-leuk.ch\\\/fr\\\/contactez-nous\\\/\"]}]},{\"@type\":\"BreadcrumbList\",\"@id\":\"https:\\\/\\\/schlosshotel-leuk.ch\\\/fr\\\/contactez-nous\\\/#breadcrumb\",\"itemListElement\":[{\"@type\":\"ListItem\",\"position\":1,\"name\":\"Startseite\",\"item\":\"https:\\\/\\\/schlosshotel-leuk.ch\\\/fr\\\/schlosshotel-leuk\\\/\"},{\"@type\":\"ListItem\",\"position\":2,\"name\":\"Contactez-nous\"}]},{\"@type\":\"WebSite\",\"@id\":\"https:\\\/\\\/schlosshotel-leuk.ch\\\/fr\\\/#website\",\"url\":\"https:\\\/\\\/schlosshotel-leuk.ch\\\/fr\\\/\",\"name\":\"Schlosshotel Leuk\",\"description\":\"Einmalig freundlich und famili\u00e4r\",\"publisher\":{\"@id\":\"https:\\\/\\\/schlosshotel-leuk.ch\\\/fr\\\/#organization\"},\"potentialAction\":[{\"@type\":\"SearchAction\",\"target\":{\"@type\":\"EntryPoint\",\"urlTemplate\":\"https:\\\/\\\/schlosshotel-leuk.ch\\\/fr\\\/?s={search_term_string}\"},\"query-input\":{\"@type\":\"PropertyValueSpecification\",\"valueRequired\":true,\"valueName\":\"search_term_string\"}}],\"inLanguage\":\"fr-FR\"},{\"@type\":\"Organization\",\"@id\":\"https:\\\/\\\/schlosshotel-leuk.ch\\\/fr\\\/#organization\",\"name\":\"Schlosshotel Leuk\",\"url\":\"https:\\\/\\\/schlosshotel-leuk.ch\\\/fr\\\/\",\"logo\":{\"@type\":\"ImageObject\",\"inLanguage\":\"fr-FR\",\"@id\":\"https:\\\/\\\/schlosshotel-leuk.ch\\\/fr\\\/#\\\/schema\\\/logo\\\/image\\\/\",\"url\":\"https:\\\/\\\/schlosshotel-leuk.ch\\\/wp-content\\\/uploads\\\/schlosshotel-leuk.svg\",\"contentUrl\":\"https:\\\/\\\/schlosshotel-leuk.ch\\\/wp-content\\\/uploads\\\/schlosshotel-leuk.svg\",\"width\":210,\"height\":52,\"caption\":\"Schlosshotel Leuk\"},\"image\":{\"@id\":\"https:\\\/\\\/schlosshotel-leuk.ch\\\/fr\\\/#\\\/schema\\\/logo\\\/image\\\/\"}}]}<\/script>\n<!-- \/ Yoast SEO plugin. -->","yoast_head_json":{"title":"Contactez-nous - Schlosshotel Leuk","robots":{"index":"index","follow":"follow","max-snippet":"max-snippet:-1","max-image-preview":"max-image-preview:large","max-video-preview":"max-video-preview:-1"},"canonical":"https:\/\/schlosshotel-leuk.ch\/fr\/contactez-nous\/","og_locale":"fr_FR","og_type":"article","og_title":"Contactez-nous - Schlosshotel Leuk","og_url":"https:\/\/schlosshotel-leuk.ch\/fr\/contactez-nous\/","og_site_name":"Schlosshotel Leuk","article_modified_time":"2024-07-02T07:33:07+00:00","twitter_card":"summary_large_image","twitter_misc":{"Dur\u00e9e de lecture estim\u00e9e":"2 minutes"},"schema":{"@context":"https:\/\/schema.org","@graph":[{"@type":"WebPage","@id":"https:\/\/schlosshotel-leuk.ch\/fr\/contactez-nous\/","url":"https:\/\/schlosshotel-leuk.ch\/fr\/contactez-nous\/","name":"Contactez-nous - Schlosshotel Leuk","isPartOf":{"@id":"https:\/\/schlosshotel-leuk.ch\/fr\/#website"},"datePublished":"2023-06-20T09:26:45+00:00","dateModified":"2024-07-02T07:33:07+00:00","breadcrumb":{"@id":"https:\/\/schlosshotel-leuk.ch\/fr\/contactez-nous\/#breadcrumb"},"inLanguage":"fr-FR","potentialAction":[{"@type":"ReadAction","target":["https:\/\/schlosshotel-leuk.ch\/fr\/contactez-nous\/"]}]},{"@type":"BreadcrumbList","@id":"https:\/\/schlosshotel-leuk.ch\/fr\/contactez-nous\/#breadcrumb","itemListElement":[{"@type":"ListItem","position":1,"name":"Startseite","item":"https:\/\/schlosshotel-leuk.ch\/fr\/schlosshotel-leuk\/"},{"@type":"ListItem","position":2,"name":"Contactez-nous"}]},{"@type":"WebSite","@id":"https:\/\/schlosshotel-leuk.ch\/fr\/#website","url":"https:\/\/schlosshotel-leuk.ch\/fr\/","name":"Schlosshotel Leuk","description":"Einmalig freundlich und famili\u00e4r","publisher":{"@id":"https:\/\/schlosshotel-leuk.ch\/fr\/#organization"},"potentialAction":[{"@type":"SearchAction","target":{"@type":"EntryPoint","urlTemplate":"https:\/\/schlosshotel-leuk.ch\/fr\/?s={search_term_string}"},"query-input":{"@type":"PropertyValueSpecification","valueRequired":true,"valueName":"search_term_string"}}],"inLanguage":"fr-FR"},{"@type":"Organization","@id":"https:\/\/schlosshotel-leuk.ch\/fr\/#organization","name":"Schlosshotel Leuk","url":"https:\/\/schlosshotel-leuk.ch\/fr\/","logo":{"@type":"ImageObject","inLanguage":"fr-FR","@id":"https:\/\/schlosshotel-leuk.ch\/fr\/#\/schema\/logo\/image\/","url":"https:\/\/schlosshotel-leuk.ch\/wp-content\/uploads\/schlosshotel-leuk.svg","contentUrl":"https:\/\/schlosshotel-leuk.ch\/wp-content\/uploads\/schlosshotel-leuk.svg","width":210,"height":52,"caption":"Schlosshotel Leuk"},"image":{"@id":"https:\/\/schlosshotel-leuk.ch\/fr\/#\/schema\/logo\/image\/"}}]}},"publishpress_future_action":{"enabled":false,"date":"2026-05-06 21:23:24","action":"change-status","newStatus":"draft","terms":[],"taxonomy":"translation_priority","extraData":[]},"publishpress_future_workflow_manual_trigger":{"enabledWorkflows":[]},"_links":{"self":[{"href":"https:\/\/schlosshotel-leuk.ch\/fr\/wp-json\/wp\/v2\/pages\/2911","targetHints":{"allow":["GET"]}}],"collection":[{"href":"https:\/\/schlosshotel-leuk.ch\/fr\/wp-json\/wp\/v2\/pages"}],"about":[{"href":"https:\/\/schlosshotel-leuk.ch\/fr\/wp-json\/wp\/v2\/types\/page"}],"author":[{"embeddable":true,"href":"https:\/\/schlosshotel-leuk.ch\/fr\/wp-json\/wp\/v2\/users\/2"}],"replies":[{"embeddable":true,"href":"https:\/\/schlosshotel-leuk.ch\/fr\/wp-json\/wp\/v2\/comments?post=2911"}],"version-history":[{"count":6,"href":"https:\/\/schlosshotel-leuk.ch\/fr\/wp-json\/wp\/v2\/pages\/2911\/revisions"}],"predecessor-version":[{"id":3019,"href":"https:\/\/schlosshotel-leuk.ch\/fr\/wp-json\/wp\/v2\/pages\/2911\/revisions\/3019"}],"wp:attachment":[{"href":"https:\/\/schlosshotel-leuk.ch\/fr\/wp-json\/wp\/v2\/media?parent=2911"}],"curies":[{"name":"wp","href":"https:\/\/api.w.org\/{rel}","templated":true}]}}