{"id":2795,"date":"2024-01-19T15:15:51","date_gmt":"2024-01-19T14:15:51","guid":{"rendered":"https:\/\/schlosshotel-leuk.ch\/?page_id=2795"},"modified":"2024-07-02T11:04:15","modified_gmt":"2024-07-02T09:04:15","slug":"sale-a-noleggio","status":"publish","type":"page","link":"https:\/\/schlosshotel-leuk.ch\/it\/sale-a-noleggio\/","title":{"rendered":"Sale a noleggio per seminari, riunioni e corsi"},"content":{"rendered":"<div id='av_section_1'  class='avia-section av-26phty-8f299b6bf5673aff4e520641ef357c29 header_color avia-section-large avia-no-border-styling  avia-builder-el-0  el_before_av_section  avia-builder-el-first  avia-bg-style-scroll container_wrap sidebar_right'  ><div class='container av-section-cont-open' ><main  role=\"main\" itemprop=\"mainContentOfPage\"  class='template-page content  av-content-small alpha units'><div class='post-entry post-entry-type-page post-entry-2795'><div class='entry-content-wrapper clearfix'>\n<div  class='flex_column av-24tt3q-ab0b4192bacd27d7524836dfbc65419a av_three_fifth  avia-builder-el-1  avia-builder-el-no-sibling  first av-break-at-tablet flex_column_div  '     ><p>\n<style type=\"text\/css\" data-created_by=\"avia_inline_auto\" id=\"style-css-av-1yqzse-735d342a266482544a9ee0c7f38e9d35\">\n#top .av-special-heading.av-1yqzse-735d342a266482544a9ee0c7f38e9d35{\npadding-bottom:10px;\n}\nbody .av-special-heading.av-1yqzse-735d342a266482544a9ee0c7f38e9d35 .av-special-heading-tag .heading-char{\nfont-size:25px;\n}\n.av-special-heading.av-1yqzse-735d342a266482544a9ee0c7f38e9d35 .av-subheading{\nfont-size:15px;\n}\n<\/style>\n<div  class='av-special-heading av-1yqzse-735d342a266482544a9ee0c7f38e9d35 av-special-heading-h1  avia-builder-el-2  el_before_av_textblock  avia-builder-el-first '><h1 class='av-special-heading-tag '  itemprop=\"headline\"  >Sale a noleggio per seminari, riunioni e corsi<\/h1><div class=\"special-heading-border\"><div class=\"special-heading-inner-border\"><\/div><\/div><\/div><br \/>\n<section  class='av_textblock_section av-1rg41y-4ad4c60fdc51b8d26c3a442d504b9c79 '   itemscope=\"itemscope\" itemtype=\"https:\/\/schema.org\/CreativeWork\" ><div class='avia_textblock'  itemprop=\"text\" ><div data-pm-slice=\"1 1 &#091;&#093;\" data-en-clipboard=\"true\">Lo Schlosshotel Leuk combina la tradizione dell&#8217;antico edificio con la semplicit\u00e0 per creare un&#8217;atmosfera unica. Le nostre camere semplici e tranquille si trovano in un ex monastero. Vi diamo un caloroso benvenuto nel nostro hotel con 15 camere.<\/div>\n<\/div><\/section><\/p><\/div><\/div><\/div><\/main><!-- close content main element --><\/div><\/div><div id='av_section_2'  class='avia-section av-clfqe-cab72729739fb6801ffc9c7a29e0e71b main_color avia-section-large avia-no-border-styling  avia-builder-el-4  el_after_av_section  el_before_av_section  avia-bg-style-scroll container_wrap sidebar_right'  ><div class='container av-section-cont-open' ><div class='template-page content  av-content-small alpha units'><div class='post-entry post-entry-type-page post-entry-2795'><div class='entry-content-wrapper clearfix'>\n<div  class='flex_column av-3cnmsu-b2c5937cc7f03544e4d73a373580e739 av_one_half  avia-builder-el-5  el_before_av_one_half  avia-builder-el-first  first flex_column_div  '     ><p>\n<style type=\"text\/css\" data-created_by=\"avia_inline_auto\" id=\"style-css-av-7dldy-0684c0edeeab21330cb1e36576ccb7cd\">\n#top .av-special-heading.av-7dldy-0684c0edeeab21330cb1e36576ccb7cd{\npadding-bottom:10px;\n}\nbody .av-special-heading.av-7dldy-0684c0edeeab21330cb1e36576ccb7cd .av-special-heading-tag .heading-char{\nfont-size:25px;\n}\n.av-special-heading.av-7dldy-0684c0edeeab21330cb1e36576ccb7cd .av-subheading{\nfont-size:15px;\n}\n<\/style>\n<div  class='av-special-heading av-7dldy-0684c0edeeab21330cb1e36576ccb7cd av-special-heading-h2  avia-builder-el-6  el_before_av_textblock  avia-builder-el-first '><h2 class='av-special-heading-tag '  itemprop=\"headline\"  >Ampia sala riunioni<\/h2><div class=\"special-heading-border\"><div class=\"special-heading-inner-border\"><\/div><\/div><\/div><br \/>\n<section  class='av_textblock_section av-31zi3i-7ce5937af6c51bed91cf89e027cb531c '   itemscope=\"itemscope\" itemtype=\"https:\/\/schema.org\/CreativeWork\" ><div class='avia_textblock'  itemprop=\"text\" ><ul>\n<li>\n<div data-pm-slice=\"1 1 &#091;&#093;\" data-en-clipboard=\"true\">Area di 50m2<\/div>\n<\/li>\n<li>\n<div data-pm-slice=\"1 1 &#091;&#093;\" data-en-clipboard=\"true\">10 tavoli da lavoro<\/div>\n<\/li>\n<li>\n<div data-pm-slice=\"1 1 &#091;&#093;\" data-en-clipboard=\"true\">Spazio con tavoli e posti a sedere per max. 24 persone<\/div>\n<\/li>\n<li>\n<div data-pm-slice=\"1 1 &#091;&#093;\" data-en-clipboard=\"true\">Spazio senza tavoli solo con posti a sedere per max. 60 persone<\/div>\n<\/li>\n<li>\n<div data-pm-slice=\"1 1 &#091;&#093;\" data-en-clipboard=\"true\">Cavalletto per lavagna a fogli mobili, proiettore, schermo, lavagne bianche, lavagne a muro<\/div>\n<\/li>\n<li>\n<div data-pm-slice=\"1 1 &#091;&#093;\" data-en-clipboard=\"true\">I materiali di consumo come fogli per lavagna a fogli mobili, penne, carta, aghi per lavagne non sono forniti.<\/div>\n<\/li>\n<li>\n<div data-pm-slice=\"1 1 &#091;&#093;\" data-en-clipboard=\"true\">Prezzo: 20 franchi svizzeri all&#8217;ora fino a un massimo di 100 franchi svizzeri al giorno.<\/div>\n<\/li>\n<\/ul>\n<div data-pm-slice=\"1 1 &#091;&#093;\" data-en-clipboard=\"true\">Siamo lieti di ricevere prenotazioni telefoniche o via e-mail.<\/div>\n<\/div><\/section><\/p><\/div>\n<style type=\"text\/css\" data-created_by=\"avia_inline_auto\" id=\"style-css-av-1lm1jy-3d6c9f33075e68dac6a2d1587a86398e\">\n.flex_column.av-1lm1jy-3d6c9f33075e68dac6a2d1587a86398e{\npadding:0 0 0 0;\n}\n<\/style>\n<div  class='flex_column av-1lm1jy-3d6c9f33075e68dac6a2d1587a86398e av_one_half  avia-builder-el-8  el_after_av_one_half  avia-builder-el-last  flex_column_div av-zero-column-padding  '     ><style type=\"text\/css\" data-created_by=\"avia_inline_auto\" id=\"style-css-av-1hkmzi-d70c47c63060f3e907bfa86f54c580b0\">\n.avia-image-container.av-1hkmzi-d70c47c63060f3e907bfa86f54c580b0 img.avia_image{\nbox-shadow:none;\n}\n.avia-image-container.av-1hkmzi-d70c47c63060f3e907bfa86f54c580b0 .av-image-caption-overlay-center{\ncolor:#ffffff;\n}\n<\/style>\n<div  class='avia-image-container av-1hkmzi-d70c47c63060f3e907bfa86f54c580b0 av-styling- avia-align-center  avia-builder-el-9  avia-builder-el-no-sibling '   itemprop=\"image\" itemscope=\"itemscope\" itemtype=\"https:\/\/schema.org\/ImageObject\" ><div class=\"avia-image-container-inner\"><div class=\"avia-image-overlay-wrap\"><img decoding=\"async\" fetchpriority=\"high\" class='wp-image-2735 avia-img-lazy-loading-not-2735 avia_image ' src=\"https:\/\/schlosshotel-leuk.ch\/wp-content\/uploads\/schlosshotel-leuk-sitzungsraum.jpg\" alt='Sala seminari in affitto, Schlosshotel Leuk' title='Sala seminari in affitto, Schlosshotel Leuk'  height=\"400\" width=\"600\"  itemprop=\"thumbnailUrl\" srcset=\"https:\/\/schlosshotel-leuk.ch\/wp-content\/uploads\/schlosshotel-leuk-sitzungsraum.jpg 600w, https:\/\/schlosshotel-leuk.ch\/wp-content\/uploads\/schlosshotel-leuk-sitzungsraum-300x200.jpg 300w\" sizes=\"(max-width: 600px) 100vw, 600px\" \/><\/div><\/div><\/div><\/div><\/div><\/div><\/div><!-- close content main div --><\/div><\/div><div id='av_section_3'  class='avia-section av-wvz46-1b72b21d9e21882fc90ef5cee0f15367 main_color avia-section-large avia-no-border-styling  avia-builder-el-10  el_after_av_section  el_before_av_section  avia-bg-style-scroll container_wrap sidebar_right'  ><div class='container av-section-cont-open' ><div class='template-page content  av-content-small alpha units'><div class='post-entry post-entry-type-page post-entry-2795'><div class='entry-content-wrapper clearfix'>\n<div class='av-column-wrapper-individual av-mobile-columns-flex av-columns-reverse'>\n<style type=\"text\/css\" data-created_by=\"avia_inline_auto\" id=\"style-css-av-suzza-04965b5dcc9a8ef109639e147a66f928\">\n.flex_column.av-suzza-04965b5dcc9a8ef109639e147a66f928{\npadding:0 0 0 0;\n}\n<\/style>\n<div  class='flex_column av-suzza-04965b5dcc9a8ef109639e147a66f928 av_one_half  avia-builder-el-11  el_before_av_one_half  avia-builder-el-first  first flex_column_div av-zero-column-padding  '     ><style type=\"text\/css\" data-created_by=\"avia_inline_auto\" id=\"style-css-av-83c3v-25e9153e4f0fa219711da659b097e139\">\n.avia-image-container.av-83c3v-25e9153e4f0fa219711da659b097e139 img.avia_image{\nbox-shadow:none;\n}\n.avia-image-container.av-83c3v-25e9153e4f0fa219711da659b097e139 .av-image-caption-overlay-center{\ncolor:#ffffff;\n}\n<\/style>\n<div  class='avia-image-container av-83c3v-25e9153e4f0fa219711da659b097e139 av-styling- avia-align-center  avia-builder-el-12  avia-builder-el-no-sibling '   itemprop=\"image\" itemscope=\"itemscope\" itemtype=\"https:\/\/schema.org\/ImageObject\" ><div class=\"avia-image-container-inner\"><div class=\"avia-image-overlay-wrap\"><img decoding=\"async\" fetchpriority=\"high\" class='wp-image-2757 avia-img-lazy-loading-not-2757 avia_image ' src=\"https:\/\/schlosshotel-leuk.ch\/wp-content\/uploads\/schlosshotel-sitzungszimmer.jpg\" alt='Sala seminari in affitto presso lo Schlosshotel Leuk' title='Sala seminari in affitto presso lo Schlosshotel Leuk'  height=\"400\" width=\"600\"  itemprop=\"thumbnailUrl\" srcset=\"https:\/\/schlosshotel-leuk.ch\/wp-content\/uploads\/schlosshotel-sitzungszimmer.jpg 600w, https:\/\/schlosshotel-leuk.ch\/wp-content\/uploads\/schlosshotel-sitzungszimmer-300x200.jpg 300w\" sizes=\"(max-width: 600px) 100vw, 600px\" \/><\/div><\/div><\/div><\/div><div  class='flex_column av-fjtza-ed904b27770b52bf68ea602a584d4468 av_one_half  avia-builder-el-13  el_after_av_one_half  avia-builder-el-last  flex_column_div  '     ><p>\n<style type=\"text\/css\" data-created_by=\"avia_inline_auto\" id=\"style-css-av-lq6lnkir-75cffef6d91d44c6dab133d74e8830cb\">\n#top .av-special-heading.av-lq6lnkir-75cffef6d91d44c6dab133d74e8830cb{\npadding-bottom:10px;\n}\nbody .av-special-heading.av-lq6lnkir-75cffef6d91d44c6dab133d74e8830cb .av-special-heading-tag .heading-char{\nfont-size:25px;\n}\n.av-special-heading.av-lq6lnkir-75cffef6d91d44c6dab133d74e8830cb .av-subheading{\nfont-size:15px;\n}\n<\/style>\n<div  class='av-special-heading av-lq6lnkir-75cffef6d91d44c6dab133d74e8830cb av-special-heading-h2  avia-builder-el-14  el_before_av_textblock  avia-builder-el-first '><h2 class='av-special-heading-tag '  itemprop=\"headline\"  >Sala riunioni 2<\/h2><div class=\"special-heading-border\"><div class=\"special-heading-inner-border\"><\/div><\/div><\/div><br \/>\n<section  class='av_textblock_section av-lq6lntlc-9eb8ff477fb35848c4f792462fbf39cb '   itemscope=\"itemscope\" itemtype=\"https:\/\/schema.org\/CreativeWork\" ><div class='avia_textblock'  itemprop=\"text\" ><ul>\n<li>\n<div data-pm-slice=\"1 1 &#091;&#093;\" data-en-clipboard=\"true\">Area di 30m2<\/div>\n<\/li>\n<li>\n<div data-pm-slice=\"1 1 &#091;&#093;\" data-en-clipboard=\"true\">6 tavoli da lavoro<\/div>\n<\/li>\n<li>\n<div data-pm-slice=\"1 1 &#091;&#093;\" data-en-clipboard=\"true\">Spazio con tavoli e posti a sedere per un massimo di 14 persone<\/div>\n<\/li>\n<li>\n<div data-pm-slice=\"1 1 &#091;&#093;\" data-en-clipboard=\"true\">Lavagna, lavagne bianche<\/div>\n<\/li>\n<li>\n<div data-pm-slice=\"1 1 &#091;&#093;\" data-en-clipboard=\"true\">Materiale di consumo come fogli per lavagna a fogli mobili, penne, carta, aghi per lavagna NON sono disponibili.<\/div>\n<\/li>\n<li>\n<div data-pm-slice=\"1 1 &#091;&#093;\" data-en-clipboard=\"true\">Prezzo: Fr. 20.- all&#8217;ora fino a max. Fr. 100.- al giorno<\/div>\n<div>Siamo lieti di ricevere prenotazioni telefoniche o via e-mail.<\/div>\n<\/li>\n<\/ul>\n<\/div><\/section><\/p><\/div><\/div><!--close flex column wrapper. Autoclose: 1 --><\/div><\/div><\/div><!-- close content main div --><\/div><\/div><div id='av_section_4'  class='avia-section av-baituj-aec62709e919577cf1e88faee35d6f86 main_color avia-section-large avia-no-border-styling  avia-builder-el-16  el_after_av_section  avia-builder-el-last  avia-bg-style-scroll container_wrap sidebar_right'  ><div class='container av-section-cont-open' ><div class='template-page content  av-content-small alpha units'><div class='post-entry post-entry-type-page post-entry-2795'><div class='entry-content-wrapper clearfix'>\n<div  class='flex_column av-8rxq5n-3d4fbdfd749302cb10258017ec3e5af6 av_one_half  avia-builder-el-17  el_before_av_one_half  avia-builder-el-first  first flex_column_div  '     ><p>\n<style type=\"text\/css\" data-created_by=\"avia_inline_auto\" id=\"style-css-av-lrkrfv4x-9b15ab14966d7a6819c804e36670574b\">\n#top .av-special-heading.av-lrkrfv4x-9b15ab14966d7a6819c804e36670574b{\npadding-bottom:10px;\n}\nbody .av-special-heading.av-lrkrfv4x-9b15ab14966d7a6819c804e36670574b .av-special-heading-tag .heading-char{\nfont-size:25px;\n}\n.av-special-heading.av-lrkrfv4x-9b15ab14966d7a6819c804e36670574b .av-subheading{\nfont-size:15px;\n}\n<\/style>\n<div  class='av-special-heading av-lrkrfv4x-9b15ab14966d7a6819c804e36670574b av-special-heading-h2  avia-builder-el-18  el_before_av_textblock  avia-builder-el-first '><h2 class='av-special-heading-tag '  itemprop=\"headline\"  >Giardino in permacultura<\/h2><div class=\"special-heading-border\"><div class=\"special-heading-inner-border\"><\/div><\/div><\/div><br \/>\n<section  class='av_textblock_section av-7d4le3-6ea93d4a387d25ce5d7a27e71af142a6 '   itemscope=\"itemscope\" itemtype=\"https:\/\/schema.org\/CreativeWork\" ><div class='avia_textblock'  itemprop=\"text\" ><div data-pm-slice=\"1 1 &#091;&#093;\" data-en-clipboard=\"true\">L&#8217;area circostante \u00e8 coltivata secondo i principi della permacultura. Una terrazza panoramica \u00e8 a disposizione degli ospiti dell&#8217;hotel. \u00c8 inoltre possibile noleggiare una tettoia coperta.<\/div>\n<ul>\n<li>\n<div data-pm-slice=\"1 1 &#091;&#093;\" data-en-clipboard=\"true\">Area di 55m2<\/div>\n<\/li>\n<li>\n<div data-pm-slice=\"1 1 &#091;&#093;\" data-en-clipboard=\"true\">5 tavoli<\/div>\n<\/li>\n<li>\n<div data-pm-slice=\"1 1 &#091;&#093;\" data-en-clipboard=\"true\">30 sedie<\/div>\n<\/li>\n<li>\n<div data-pm-slice=\"1 1 &#091;&#093;\" data-en-clipboard=\"true\">1 frigorifero<\/div>\n<\/li>\n<li>\n<div data-pm-slice=\"1 1 &#091;&#093;\" data-en-clipboard=\"true\">1 toilette<\/div>\n<\/li>\n<li>\n<div data-pm-slice=\"1 1 &#091;&#093;\" data-en-clipboard=\"true\">Prezzo: da Fr. 20.- all&#8217;ora a max. Fr. 100.- al giorno<\/div>\n<div>Siamo lieti di ricevere prenotazioni telefoniche o via e-mail.<\/div>\n<\/li>\n<\/ul>\n<\/div><\/section><\/p><\/div>\n<style type=\"text\/css\" data-created_by=\"avia_inline_auto\" id=\"style-css-av-2qvq57-1247b63b7e183059295e76219e91dd87\">\n.flex_column.av-2qvq57-1247b63b7e183059295e76219e91dd87{\npadding:0 0 0 0;\n}\n<\/style>\n<div  class='flex_column av-2qvq57-1247b63b7e183059295e76219e91dd87 av_one_half  avia-builder-el-20  el_after_av_one_half  avia-builder-el-last  flex_column_div av-zero-column-padding  '     ><style type=\"text\/css\" data-created_by=\"avia_inline_auto\" id=\"style-css-av-lrkrg6p5-b27828df72826d92c9d27c1bab1e434b\">\n.avia-image-container.av-lrkrg6p5-b27828df72826d92c9d27c1bab1e434b img.avia_image{\nbox-shadow:none;\n}\n.avia-image-container.av-lrkrg6p5-b27828df72826d92c9d27c1bab1e434b .av-image-caption-overlay-center{\ncolor:#ffffff;\n}\n<\/style>\n<div  class='avia-image-container av-lrkrg6p5-b27828df72826d92c9d27c1bab1e434b av-styling- avia-align-center  avia-builder-el-21  avia-builder-el-no-sibling '   itemprop=\"image\" itemscope=\"itemscope\" itemtype=\"https:\/\/schema.org\/ImageObject\" ><div class=\"avia-image-container-inner\"><div class=\"avia-image-overlay-wrap\"><img decoding=\"async\" fetchpriority=\"high\" class='wp-image-2732 avia-img-lazy-loading-not-2732 avia_image ' src=\"https:\/\/schlosshotel-leuk.ch\/wp-content\/uploads\/schlosshotel-leuk-aussicht-04.jpg\" alt='Giardino Schlosshotel Leuk, Leuk-Stadt' title='Giardino Schlosshotel Leuk, Leuk-Stadt'  height=\"480\" width=\"600\"  itemprop=\"thumbnailUrl\" srcset=\"https:\/\/schlosshotel-leuk.ch\/wp-content\/uploads\/schlosshotel-leuk-aussicht-04.jpg 600w, https:\/\/schlosshotel-leuk.ch\/wp-content\/uploads\/schlosshotel-leuk-aussicht-04-300x240.jpg 300w\" sizes=\"(max-width: 600px) 100vw, 600px\" \/><\/div><\/div><\/div><\/div><\/div><\/div><\/div><!-- close content main div --><\/div><\/div><div id='after_section_4'  class='main_color av_default_container_wrap container_wrap sidebar_right'  ><div class='container av-section-cont-open' ><div class='template-page content  av-content-small alpha units'><div class='post-entry post-entry-type-page post-entry-2795'><div class='entry-content-wrapper clearfix'><\/p>\n","protected":false},"excerpt":{"rendered":"","protected":false},"author":4,"featured_media":0,"parent":0,"menu_order":1,"comment_status":"closed","ping_status":"closed","template":"","meta":{"footnotes":"","_links_to":"","_links_to_target":""},"class_list":["post-2795","page","type-page","status-publish","hentry"],"yoast_head":"<!-- This site is optimized with the Yoast SEO plugin v27.5 - https:\/\/yoast.com\/product\/yoast-seo-wordpress\/ -->\n<title>Sale a noleggio per seminari, riunioni e corsi - Schlosshotel Leuk<\/title>\n<meta name=\"description\" content=\"Presso lo Schlosshotel Leuk affittiamo sale riunioni per seminari ed eventi. Se siete interessati, non esitate a contattarci\" \/>\n<meta name=\"robots\" content=\"index, follow, max-snippet:-1, max-image-preview:large, max-video-preview:-1\" \/>\n<link rel=\"canonical\" href=\"https:\/\/schlosshotel-leuk.ch\/it\/sale-a-noleggio\/\" \/>\n<meta property=\"og:locale\" content=\"it_IT\" \/>\n<meta property=\"og:type\" content=\"article\" \/>\n<meta property=\"og:title\" content=\"Sale a noleggio per seminari, riunioni e corsi - Schlosshotel Leuk\" \/>\n<meta property=\"og:description\" content=\"Presso lo Schlosshotel Leuk affittiamo sale riunioni per seminari ed eventi. Se siete interessati, non esitate a contattarci\" \/>\n<meta property=\"og:url\" content=\"https:\/\/schlosshotel-leuk.ch\/it\/sale-a-noleggio\/\" \/>\n<meta property=\"og:site_name\" content=\"Schlosshotel Leuk\" \/>\n<meta property=\"article:modified_time\" content=\"2024-07-02T09:04:15+00:00\" \/>\n<meta name=\"twitter:card\" content=\"summary_large_image\" \/>\n<meta name=\"twitter:label1\" content=\"Tempo di lettura stimato\" \/>\n\t<meta name=\"twitter:data1\" content=\"3 minuti\" \/>\n<script type=\"application\/ld+json\" class=\"yoast-schema-graph\">{\"@context\":\"https:\\\/\\\/schema.org\",\"@graph\":[{\"@type\":\"WebPage\",\"@id\":\"https:\\\/\\\/schlosshotel-leuk.ch\\\/it\\\/sale-a-noleggio\\\/\",\"url\":\"https:\\\/\\\/schlosshotel-leuk.ch\\\/it\\\/sale-a-noleggio\\\/\",\"name\":\"Sale a noleggio per seminari, riunioni e corsi - Schlosshotel Leuk\",\"isPartOf\":{\"@id\":\"https:\\\/\\\/schlosshotel-leuk.ch\\\/it\\\/#website\"},\"datePublished\":\"2024-01-19T14:15:51+00:00\",\"dateModified\":\"2024-07-02T09:04:15+00:00\",\"description\":\"Presso lo Schlosshotel Leuk affittiamo sale riunioni per seminari ed eventi. Se siete interessati, non esitate a contattarci\",\"breadcrumb\":{\"@id\":\"https:\\\/\\\/schlosshotel-leuk.ch\\\/it\\\/sale-a-noleggio\\\/#breadcrumb\"},\"inLanguage\":\"it-IT\",\"potentialAction\":[{\"@type\":\"ReadAction\",\"target\":[\"https:\\\/\\\/schlosshotel-leuk.ch\\\/it\\\/sale-a-noleggio\\\/\"]}]},{\"@type\":\"BreadcrumbList\",\"@id\":\"https:\\\/\\\/schlosshotel-leuk.ch\\\/it\\\/sale-a-noleggio\\\/#breadcrumb\",\"itemListElement\":[{\"@type\":\"ListItem\",\"position\":1,\"name\":\"Startseite\",\"item\":\"https:\\\/\\\/schlosshotel-leuk.ch\\\/it\\\/schlosshotel-leuk\\\/\"},{\"@type\":\"ListItem\",\"position\":2,\"name\":\"Sale a noleggio per seminari, riunioni e corsi\"}]},{\"@type\":\"WebSite\",\"@id\":\"https:\\\/\\\/schlosshotel-leuk.ch\\\/it\\\/#website\",\"url\":\"https:\\\/\\\/schlosshotel-leuk.ch\\\/it\\\/\",\"name\":\"Schlosshotel Leuk\",\"description\":\"Einmalig freundlich und famili\u00e4r\",\"publisher\":{\"@id\":\"https:\\\/\\\/schlosshotel-leuk.ch\\\/it\\\/#organization\"},\"potentialAction\":[{\"@type\":\"SearchAction\",\"target\":{\"@type\":\"EntryPoint\",\"urlTemplate\":\"https:\\\/\\\/schlosshotel-leuk.ch\\\/it\\\/?s={search_term_string}\"},\"query-input\":{\"@type\":\"PropertyValueSpecification\",\"valueRequired\":true,\"valueName\":\"search_term_string\"}}],\"inLanguage\":\"it-IT\"},{\"@type\":\"Organization\",\"@id\":\"https:\\\/\\\/schlosshotel-leuk.ch\\\/it\\\/#organization\",\"name\":\"Schlosshotel Leuk\",\"url\":\"https:\\\/\\\/schlosshotel-leuk.ch\\\/it\\\/\",\"logo\":{\"@type\":\"ImageObject\",\"inLanguage\":\"it-IT\",\"@id\":\"https:\\\/\\\/schlosshotel-leuk.ch\\\/it\\\/#\\\/schema\\\/logo\\\/image\\\/\",\"url\":\"https:\\\/\\\/schlosshotel-leuk.ch\\\/wp-content\\\/uploads\\\/schlosshotel-leuk.svg\",\"contentUrl\":\"https:\\\/\\\/schlosshotel-leuk.ch\\\/wp-content\\\/uploads\\\/schlosshotel-leuk.svg\",\"width\":210,\"height\":52,\"caption\":\"Schlosshotel Leuk\"},\"image\":{\"@id\":\"https:\\\/\\\/schlosshotel-leuk.ch\\\/it\\\/#\\\/schema\\\/logo\\\/image\\\/\"}}]}<\/script>\n<!-- \/ Yoast SEO plugin. -->","yoast_head_json":{"title":"Sale a noleggio per seminari, riunioni e corsi - Schlosshotel Leuk","description":"Presso lo Schlosshotel Leuk affittiamo sale riunioni per seminari ed eventi. Se siete interessati, non esitate a contattarci","robots":{"index":"index","follow":"follow","max-snippet":"max-snippet:-1","max-image-preview":"max-image-preview:large","max-video-preview":"max-video-preview:-1"},"canonical":"https:\/\/schlosshotel-leuk.ch\/it\/sale-a-noleggio\/","og_locale":"it_IT","og_type":"article","og_title":"Sale a noleggio per seminari, riunioni e corsi - Schlosshotel Leuk","og_description":"Presso lo Schlosshotel Leuk affittiamo sale riunioni per seminari ed eventi. Se siete interessati, non esitate a contattarci","og_url":"https:\/\/schlosshotel-leuk.ch\/it\/sale-a-noleggio\/","og_site_name":"Schlosshotel Leuk","article_modified_time":"2024-07-02T09:04:15+00:00","twitter_card":"summary_large_image","twitter_misc":{"Tempo di lettura stimato":"3 minuti"},"schema":{"@context":"https:\/\/schema.org","@graph":[{"@type":"WebPage","@id":"https:\/\/schlosshotel-leuk.ch\/it\/sale-a-noleggio\/","url":"https:\/\/schlosshotel-leuk.ch\/it\/sale-a-noleggio\/","name":"Sale a noleggio per seminari, riunioni e corsi - Schlosshotel Leuk","isPartOf":{"@id":"https:\/\/schlosshotel-leuk.ch\/it\/#website"},"datePublished":"2024-01-19T14:15:51+00:00","dateModified":"2024-07-02T09:04:15+00:00","description":"Presso lo Schlosshotel Leuk affittiamo sale riunioni per seminari ed eventi. Se siete interessati, non esitate a contattarci","breadcrumb":{"@id":"https:\/\/schlosshotel-leuk.ch\/it\/sale-a-noleggio\/#breadcrumb"},"inLanguage":"it-IT","potentialAction":[{"@type":"ReadAction","target":["https:\/\/schlosshotel-leuk.ch\/it\/sale-a-noleggio\/"]}]},{"@type":"BreadcrumbList","@id":"https:\/\/schlosshotel-leuk.ch\/it\/sale-a-noleggio\/#breadcrumb","itemListElement":[{"@type":"ListItem","position":1,"name":"Startseite","item":"https:\/\/schlosshotel-leuk.ch\/it\/schlosshotel-leuk\/"},{"@type":"ListItem","position":2,"name":"Sale a noleggio per seminari, riunioni e corsi"}]},{"@type":"WebSite","@id":"https:\/\/schlosshotel-leuk.ch\/it\/#website","url":"https:\/\/schlosshotel-leuk.ch\/it\/","name":"Schlosshotel Leuk","description":"Einmalig freundlich und famili\u00e4r","publisher":{"@id":"https:\/\/schlosshotel-leuk.ch\/it\/#organization"},"potentialAction":[{"@type":"SearchAction","target":{"@type":"EntryPoint","urlTemplate":"https:\/\/schlosshotel-leuk.ch\/it\/?s={search_term_string}"},"query-input":{"@type":"PropertyValueSpecification","valueRequired":true,"valueName":"search_term_string"}}],"inLanguage":"it-IT"},{"@type":"Organization","@id":"https:\/\/schlosshotel-leuk.ch\/it\/#organization","name":"Schlosshotel Leuk","url":"https:\/\/schlosshotel-leuk.ch\/it\/","logo":{"@type":"ImageObject","inLanguage":"it-IT","@id":"https:\/\/schlosshotel-leuk.ch\/it\/#\/schema\/logo\/image\/","url":"https:\/\/schlosshotel-leuk.ch\/wp-content\/uploads\/schlosshotel-leuk.svg","contentUrl":"https:\/\/schlosshotel-leuk.ch\/wp-content\/uploads\/schlosshotel-leuk.svg","width":210,"height":52,"caption":"Schlosshotel Leuk"},"image":{"@id":"https:\/\/schlosshotel-leuk.ch\/it\/#\/schema\/logo\/image\/"}}]}},"publishpress_future_action":{"enabled":false,"date":"2026-05-09 12:12:38","action":"change-status","newStatus":"draft","terms":[],"taxonomy":"translation_priority","extraData":[]},"publishpress_future_workflow_manual_trigger":{"enabledWorkflows":[]},"_links":{"self":[{"href":"https:\/\/schlosshotel-leuk.ch\/it\/wp-json\/wp\/v2\/pages\/2795","targetHints":{"allow":["GET"]}}],"collection":[{"href":"https:\/\/schlosshotel-leuk.ch\/it\/wp-json\/wp\/v2\/pages"}],"about":[{"href":"https:\/\/schlosshotel-leuk.ch\/it\/wp-json\/wp\/v2\/types\/page"}],"author":[{"embeddable":true,"href":"https:\/\/schlosshotel-leuk.ch\/it\/wp-json\/wp\/v2\/users\/4"}],"replies":[{"embeddable":true,"href":"https:\/\/schlosshotel-leuk.ch\/it\/wp-json\/wp\/v2\/comments?post=2795"}],"version-history":[{"count":3,"href":"https:\/\/schlosshotel-leuk.ch\/it\/wp-json\/wp\/v2\/pages\/2795\/revisions"}],"predecessor-version":[{"id":2798,"href":"https:\/\/schlosshotel-leuk.ch\/it\/wp-json\/wp\/v2\/pages\/2795\/revisions\/2798"}],"wp:attachment":[{"href":"https:\/\/schlosshotel-leuk.ch\/it\/wp-json\/wp\/v2\/media?parent=2795"}],"curies":[{"name":"wp","href":"https:\/\/api.w.org\/{rel}","templated":true}]}}